{"id":7,"date":"2023-08-15T20:48:51","date_gmt":"2023-08-15T20:48:51","guid":{"rendered":"https:\/\/gustavbates.se\/hudenegoif\/?page_id=7"},"modified":"2025-11-27T10:08:40","modified_gmt":"2025-11-27T09:08:40","slug":"beautiful-portfolios-for-exceptional-creatives","status":"publish","type":"page","link":"https:\/\/gustavbates.se\/hudenegoif\/","title":{"rendered":"Hudene GoIF &#8211; Hudene Gymnastik och Idrottsf\u00f6rening 100 \u00e5r!"},"content":{"rendered":"\n<p class=\"has-text-align-center has-x-small-font-size\" style=\"font-style:italic;font-weight:300\"><meta charset=\"utf-8\">Hudene GoIF \u00e4r en liten f\u00f6rening i hj\u00e4rtat av Hudene. F\u00f6reningen har varit en aktiv klubb sedan 1925!<\/p>\n\n\n\n<div class=\"wp-block-group alignfull has-background is-layout-flow wp-block-group-is-layout-flow\" style=\"background-color:#e5e9ec\">\n<div class=\"wp-block-columns is-layout-flex wp-container-core-columns-is-layout-8ff83e4b wp-block-columns-is-layout-flex\" style=\"margin-top:0;margin-bottom:0;padding-left:var(--wp--preset--spacing--x-small)\">\n<div class=\"wp-block-column is-vertically-aligned-center has-global-padding is-content-justification-center is-layout-constrained wp-container-core-column-is-layout-0ca44287 wp-block-column-is-layout-constrained\" style=\"padding-right:0px;padding-left:0px\">\n<h2 class=\"wp-block-heading has-large-font-size\" style=\"font-style:normal;font-weight:200;text-transform:uppercase\">Vi finns f\u00f6r att vi beh\u00f6vs!<\/h2>\n\n\n\n<p>Vi arbetar aktivt f\u00f6r att alla ska inkluderas och inte s\u00e4rskiljas. Vi fokuserar p\u00e5 likheter och inte skillnader. Alla ska ses, ingen ska st\u00e5 utanf\u00f6r.<\/p>\n\n\n\n<p>Hudene GOIF \u00e4r en f\u00f6rening d\u00e4r vi trivs, k\u00e4nner trygghet och gl\u00e4dje \u00e5ret runt.<\/p>\n\n\n\n<p>V\u00e5ra aktiviteter \u00e4r f\u00f6r barn och vuxna.<\/p>\n\n\n\n<p>Vi har lokaler i Hudene d\u00e4r vi har olika aktiviteter men ett fokus p\u00e5 fotboll och barns behov. Vi \u00e4r \u00f6ppna f\u00f6r att samarbeta med andra f\u00f6reningar och initiativ f\u00f6r att \u00f6ka verksamhet som leder till inkludering och utveckling.<\/p>\n\n\n\n<div class=\"wp-block-buttons is-horizontal is-content-justification-left is-layout-flex wp-container-core-buttons-is-layout-c2207ba7 wp-block-buttons-is-layout-flex\" style=\"margin-top:var(--wp--preset--spacing--x-small);margin-bottom:var(--wp--preset--spacing--x-small)\">\n<div class=\"wp-block-button is-style-outline is-style-outline--1\"><a class=\"wp-block-button__link has-small-font-size has-custom-font-size wp-element-button\" href=\"http:\/\/hudenegoif.se\/om\">OM GoIF<\/a><\/div>\n<\/div>\n<\/div>\n\n\n\n<div class=\"wp-block-column is-layout-flow wp-block-column-is-layout-flow\">\n<figure class=\"wp-block-image size-full\"><img loading=\"lazy\" decoding=\"async\" width=\"960\" height=\"960\" src=\"https:\/\/gustavbates.se\/hudenegoif\/wp-content\/uploads\/2023\/08\/stock5.jpg\" alt=\"\" class=\"wp-image-25\" style=\"aspect-ratio:1;object-fit:cover\" srcset=\"https:\/\/gustavbates.se\/hudenegoif\/wp-content\/uploads\/2023\/08\/stock5.jpg 960w, https:\/\/gustavbates.se\/hudenegoif\/wp-content\/uploads\/2023\/08\/stock5-300x300.jpg 300w, https:\/\/gustavbates.se\/hudenegoif\/wp-content\/uploads\/2023\/08\/stock5-150x150.jpg 150w, https:\/\/gustavbates.se\/hudenegoif\/wp-content\/uploads\/2023\/08\/stock5-768x768.jpg 768w\" sizes=\"auto, (max-width: 960px) 100vw, 960px\" \/><\/figure>\n<\/div>\n<\/div>\n<\/div>\n\n\n\n<div class=\"wp-block-group alignfull is-layout-flow wp-container-core-group-is-layout-4f47d80f wp-block-group-is-layout-flow\" style=\"margin-top:0;margin-bottom:0;padding-top:0;padding-right:0;padding-bottom:0;padding-left:0\">\n<div class=\"wp-block-columns are-vertically-aligned-center is-layout-flex wp-container-core-columns-is-layout-28f84493 wp-block-columns-is-layout-flex\">\n<div class=\"wp-block-column is-vertically-aligned-center has-primary-color has-white-background-color has-text-color has-background has-link-color wp-elements-1aa43a43d160c95804dd8ea7b8dee82b has-global-padding is-layout-constrained wp-container-core-column-is-layout-da604d14 wp-block-column-is-layout-constrained\" style=\"border-style:none;border-width:0px;padding-top:0;padding-right:0;padding-bottom:0;padding-left:0\">\n<figure class=\"wp-block-image size-full has-custom-border\"><img loading=\"lazy\" decoding=\"async\" width=\"720\" height=\"960\" src=\"https:\/\/gustavbates.se\/hudenegoif\/wp-content\/uploads\/2023\/08\/stock2.jpg\" alt=\"\" class=\"wp-image-26\" style=\"border-style:none;border-width:0px;border-radius:0px;aspect-ratio:3\/4;object-fit:cover\" srcset=\"https:\/\/gustavbates.se\/hudenegoif\/wp-content\/uploads\/2023\/08\/stock2.jpg 720w, https:\/\/gustavbates.se\/hudenegoif\/wp-content\/uploads\/2023\/08\/stock2-225x300.jpg 225w\" sizes=\"auto, (max-width: 720px) 100vw, 720px\" \/><\/figure>\n<\/div>\n\n\n\n<div class=\"wp-block-column is-vertically-aligned-center has-global-padding is-layout-constrained wp-container-core-column-is-layout-19e250f3 wp-block-column-is-layout-constrained\">\n<h2 class=\"wp-block-heading has-large-font-size\" style=\"margin-top:0;margin-bottom:0;padding-top:0;padding-bottom:0;font-style:normal;font-weight:200;text-transform:uppercase\">Fotbollsskolan<\/h2>\n\n\n\n<p style=\"margin-top:5px;margin-bottom:5px;padding-top:0px;padding-right:0;padding-bottom:0px;padding-left:0\">Motoriklek, fotbollslek och fotbollsskola f\u00f6r barn.<br>Aktiviteterna anpassas f\u00f6r \u00e5lder och gl\u00e4dje!<\/p>\n\n\n\n<p style=\"margin-bottom:var(--wp--preset--spacing--x-small);padding-top:0;padding-bottom:0\">Seniora medlemmar v\u00e4lkomnas p\u00e5 samma s\u00e4tt!<br>Fotbollslek f\u00f6r vuxna med samkv\u00e4m och gl\u00e4dje.<\/p>\n\n\n\n<h2 class=\"wp-block-heading has-medium-font-size\" style=\"margin-top:0;margin-bottom:var(--wp--preset--spacing--x-small);font-style:normal;font-weight:300;text-transform:uppercase\">Inomhuss\u00e4songen 2025 &#8211; 2026<\/h2>\n\n\n\n<p class=\"has-x-small-font-size\"><strong>Motoriklek f\u00f6r barn mellan 2 &#8211; 4 \u00e5r:<\/strong> <br>Vi hoppas f\u00e5 ig\u00e5ng denna gruppen igen v\u00e5r\/sommar 2026. Om du kan t\u00e4nka dig att leda h\u00f6r av dig till oss p\u00e5 <a href=\"mailto:kontkat@hudenegoif.se\">kontkat@hudenegoif.se<\/a><\/p>\n\n\n\n<p class=\"has-x-small-font-size\" style=\"margin-top:10px;margin-bottom:10px;padding-top:0;padding-bottom:0\"><strong>Fotbollslek f\u00f6r barn mellan 4 &#8211; 6\/7 \u00e5r:<\/strong> <br>Vi siktar p\u00e5 att starta en kortare inomhus s\u00e4song vinter\/v\u00e5ren 2026, f\u00f6r mera information  <a href=\"mailto:kontkat@hudenegoif.se\">kontkat@hudenegoif.se<\/a><\/p>\n\n\n\n<p class=\"has-x-small-font-size\" style=\"margin-top:10px;margin-bottom:10px;padding-top:0;padding-bottom:0\"><strong>Fotbollsskola f\u00f6r tjejer och killar i \u00e5ldrarna 10 och upp\u00e5t:<\/strong> <br>Under vinter 2025\/26 tr\u00e4nar vi inomhus f\u00f6r mera information <a href=\"mailto:kontkat@hudenegoif.se\">kontkat@hudenegoif.se<\/a><\/p>\n\n\n\n<p><strong>Familjegympa Sm\u00e5 som stora<\/strong><\/p>\n\n\n\n<p>Vi k\u00f6r familjegympa varje vecka, alla \u00e4r v\u00e4lkomna. F\u00f6r mera information <a href=\"mailto:kontkat@hudenegoif.se\">kontkat@hudenegoif.se<\/a><\/p>\n\n\n\n<p class=\"has-x-small-font-size\" style=\"margin-top:10px;margin-bottom:10px;padding-top:0;padding-bottom:0\"><strong>Seniorer:<\/strong> <br>Vintern 2025\/26 s\u00e5 tr\u00e4nar vi inomhus och f\u00f6r mera information kontakta <a href=\"mailto:kontkat@hudenegoif.se\">kontkat@hudenegoif.se<\/a><br><\/p>\n\n\n\n<div class=\"wp-block-buttons is-layout-flex wp-block-buttons-is-layout-flex\">\n<div class=\"wp-block-button is-style-outline is-style-outline--2\"><a class=\"wp-block-button__link wp-element-button\" href=\"https:\/\/gustavbates.se\/hudenegoif\/events\/\" target=\"_blank\" rel=\"noreferrer noopener\">KALENDER<\/a><\/div>\n\n\n\n<div class=\"wp-block-button is-style-outline is-style-outline--3\"><a class=\"wp-block-button__link wp-element-button\" href=\"https:\/\/www.facebook.com\/hudenegoif\" target=\"_blank\" rel=\"noreferrer noopener\">FACEBOOK<\/a><\/div>\n\n\n\n<div class=\"wp-block-button is-style-outline is-style-outline--4\"><a class=\"wp-block-button__link wp-element-button\" href=\"mailto:kontakt@hudenegoif.se\" target=\"_blank\" rel=\"noreferrer noopener\">E-POST<\/a><\/div>\n<\/div>\n<\/div>\n<\/div>\n<\/div>\n\n\n\n<div class=\"wp-block-group alignfull has-black-background-color has-background is-layout-flow wp-block-group-is-layout-flow\">\n<h2 class=\"wp-block-heading has-text-align-center has-white-color has-text-color\"><strong>Bildgalleri<\/strong><\/h2>\n\n\n\n<figure class=\"wp-block-gallery aligncenter has-nested-images columns-default is-cropped wp-block-gallery-5 is-layout-flex wp-block-gallery-is-layout-flex\">\n<figure class=\"wp-block-image size-large\"><img loading=\"lazy\" decoding=\"async\" width=\"960\" height=\"960\" data-id=\"25\" src=\"https:\/\/gustavbates.se\/hudenegoif\/wp-content\/uploads\/2023\/08\/stock5.jpg\" alt=\"\" class=\"wp-image-25\" srcset=\"https:\/\/gustavbates.se\/hudenegoif\/wp-content\/uploads\/2023\/08\/stock5.jpg 960w, https:\/\/gustavbates.se\/hudenegoif\/wp-content\/uploads\/2023\/08\/stock5-300x300.jpg 300w, https:\/\/gustavbates.se\/hudenegoif\/wp-content\/uploads\/2023\/08\/stock5-150x150.jpg 150w, https:\/\/gustavbates.se\/hudenegoif\/wp-content\/uploads\/2023\/08\/stock5-768x768.jpg 768w\" sizes=\"auto, (max-width: 960px) 100vw, 960px\" \/><\/figure>\n\n\n\n<figure class=\"wp-block-image size-full\"><img loading=\"lazy\" decoding=\"async\" width=\"960\" height=\"720\" data-id=\"32\" src=\"https:\/\/gustavbates.se\/hudenegoif\/wp-content\/uploads\/2023\/08\/stock9.jpg\" alt=\"\" class=\"wp-image-32\" srcset=\"https:\/\/gustavbates.se\/hudenegoif\/wp-content\/uploads\/2023\/08\/stock9.jpg 960w, https:\/\/gustavbates.se\/hudenegoif\/wp-content\/uploads\/2023\/08\/stock9-300x225.jpg 300w, https:\/\/gustavbates.se\/hudenegoif\/wp-content\/uploads\/2023\/08\/stock9-768x576.jpg 768w\" sizes=\"auto, (max-width: 960px) 100vw, 960px\" \/><\/figure>\n\n\n\n<figure class=\"wp-block-image size-large\"><img loading=\"lazy\" decoding=\"async\" width=\"720\" height=\"960\" data-id=\"26\" src=\"https:\/\/gustavbates.se\/hudenegoif\/wp-content\/uploads\/2023\/08\/stock2.jpg\" alt=\"\" class=\"wp-image-26\" srcset=\"https:\/\/gustavbates.se\/hudenegoif\/wp-content\/uploads\/2023\/08\/stock2.jpg 720w, https:\/\/gustavbates.se\/hudenegoif\/wp-content\/uploads\/2023\/08\/stock2-225x300.jpg 225w\" sizes=\"auto, (max-width: 720px) 100vw, 720px\" \/><\/figure>\n\n\n\n<figure class=\"wp-block-image size-full\"><img loading=\"lazy\" decoding=\"async\" width=\"960\" height=\"960\" data-id=\"29\" src=\"https:\/\/gustavbates.se\/hudenegoif\/wp-content\/uploads\/2023\/08\/stock6.jpg\" alt=\"\" class=\"wp-image-29\" srcset=\"https:\/\/gustavbates.se\/hudenegoif\/wp-content\/uploads\/2023\/08\/stock6.jpg 960w, https:\/\/gustavbates.se\/hudenegoif\/wp-content\/uploads\/2023\/08\/stock6-300x300.jpg 300w, https:\/\/gustavbates.se\/hudenegoif\/wp-content\/uploads\/2023\/08\/stock6-150x150.jpg 150w, https:\/\/gustavbates.se\/hudenegoif\/wp-content\/uploads\/2023\/08\/stock6-768x768.jpg 768w\" sizes=\"auto, (max-width: 960px) 100vw, 960px\" \/><\/figure>\n\n\n\n<figure class=\"wp-block-image size-large\"><img loading=\"lazy\" decoding=\"async\" width=\"960\" height=\"960\" data-id=\"30\" src=\"https:\/\/gustavbates.se\/hudenegoif\/wp-content\/uploads\/2023\/08\/stock7.jpg\" alt=\"\" class=\"wp-image-30\" srcset=\"https:\/\/gustavbates.se\/hudenegoif\/wp-content\/uploads\/2023\/08\/stock7.jpg 960w, https:\/\/gustavbates.se\/hudenegoif\/wp-content\/uploads\/2023\/08\/stock7-300x300.jpg 300w, https:\/\/gustavbates.se\/hudenegoif\/wp-content\/uploads\/2023\/08\/stock7-150x150.jpg 150w, https:\/\/gustavbates.se\/hudenegoif\/wp-content\/uploads\/2023\/08\/stock7-768x768.jpg 768w\" sizes=\"auto, (max-width: 960px) 100vw, 960px\" \/><\/figure>\n\n\n\n<figure class=\"wp-block-image size-full\"><img loading=\"lazy\" decoding=\"async\" width=\"960\" height=\"960\" data-id=\"31\" src=\"https:\/\/gustavbates.se\/hudenegoif\/wp-content\/uploads\/2023\/08\/stock8.jpg\" alt=\"\" class=\"wp-image-31\" srcset=\"https:\/\/gustavbates.se\/hudenegoif\/wp-content\/uploads\/2023\/08\/stock8.jpg 960w, https:\/\/gustavbates.se\/hudenegoif\/wp-content\/uploads\/2023\/08\/stock8-300x300.jpg 300w, https:\/\/gustavbates.se\/hudenegoif\/wp-content\/uploads\/2023\/08\/stock8-150x150.jpg 150w, https:\/\/gustavbates.se\/hudenegoif\/wp-content\/uploads\/2023\/08\/stock8-768x768.jpg 768w\" sizes=\"auto, (max-width: 960px) 100vw, 960px\" \/><\/figure>\n<\/figure>\n<\/div>\n\n\n\n<div class=\"wp-block-cover alignfull is-light has-parallax is-position-center-center\" style=\"min-height:375px;aspect-ratio:unset;\"><div class=\"wp-block-cover__image-background wp-image-12 has-parallax\" style=\"background-position:50% 50%;background-image:url(https:\/\/gustavbates.se\/hudenegoif\/wp-content\/uploads\/2023\/08\/stock4.jpg)\"><\/div><span aria-hidden=\"true\" class=\"wp-block-cover__background has-black-background-color has-background-dim-40 has-background-dim\"><\/span><div class=\"wp-block-cover__inner-container is-layout-flow wp-block-cover-is-layout-flow\">\n<p class=\"has-text-align-center has-text-color has-huge-font-size\" style=\"color:#fffffa;line-height:1.1\"><strong>Hybergsvallen i Hudene<\/strong><\/p>\n\n\n\n<p class=\"has-text-align-center\"><\/p>\n<\/div><\/div>\n","protected":false},"excerpt":{"rendered":"<p>Hudene GoIF \u00e4r en liten f\u00f6rening i hj\u00e4rtat av Hudene. F\u00f6reningen har varit en aktiv klubb sedan 1925! Vi finns f\u00f6r att vi beh\u00f6vs! Vi arbetar aktivt f\u00f6r att alla &hellip; <\/p>\n<p class=\"link-more\"><a href=\"https:\/\/gustavbates.se\/hudenegoif\/\" class=\"more-link\">L\u00e4s mer<span class=\"screen-reader-text\"> \u201dHudene GoIF &#8211; Hudene Gymnastik och Idrottsf\u00f6rening 100 \u00e5r!\u201d<\/span><\/a><\/p>\n","protected":false},"author":1,"featured_media":6,"parent":0,"menu_order":0,"comment_status":"closed","ping_status":"closed","template":"","meta":{"inspiro_hide_title":false,"footnotes":""},"class_list":["post-7","page","type-page","status-publish","has-post-thumbnail","hentry"],"_links":{"self":[{"href":"https:\/\/gustavbates.se\/hudenegoif\/wp-json\/wp\/v2\/pages\/7","targetHints":{"allow":["GET"]}}],"collection":[{"href":"https:\/\/gustavbates.se\/hudenegoif\/wp-json\/wp\/v2\/pages"}],"about":[{"href":"https:\/\/gustavbates.se\/hudenegoif\/wp-json\/wp\/v2\/types\/page"}],"author":[{"embeddable":true,"href":"https:\/\/gustavbates.se\/hudenegoif\/wp-json\/wp\/v2\/users\/1"}],"replies":[{"embeddable":true,"href":"https:\/\/gustavbates.se\/hudenegoif\/wp-json\/wp\/v2\/comments?post=7"}],"version-history":[{"count":58,"href":"https:\/\/gustavbates.se\/hudenegoif\/wp-json\/wp\/v2\/pages\/7\/revisions"}],"predecessor-version":[{"id":600,"href":"https:\/\/gustavbates.se\/hudenegoif\/wp-json\/wp\/v2\/pages\/7\/revisions\/600"}],"wp:featuredmedia":[{"embeddable":true,"href":"https:\/\/gustavbates.se\/hudenegoif\/wp-json\/wp\/v2\/media\/6"}],"wp:attachment":[{"href":"https:\/\/gustavbates.se\/hudenegoif\/wp-json\/wp\/v2\/media?parent=7"}],"curies":[{"name":"wp","href":"https:\/\/api.w.org\/{rel}","templated":true}]}}